{"id":72479,"date":"2016-05-25T10:59:00","date_gmt":"2016-05-25T08:59:00","guid":{"rendered":"http:\/\/pasodoble.dev.moewe.io\/leicht\/jobs\/portrait_rene_und_marcel\/"},"modified":"2025-02-24T13:43:38","modified_gmt":"2025-02-24T12:43:38","slug":"portrait_rene","status":"publish","type":"page","link":"https:\/\/www.pasodoble.de\/leicht\/jobs\/portrait_rene\/","title":{"rendered":"Portr\u00e4t Ren\u00e9"},"content":{"rendered":"<div id=\"pasodoble-readspeaker-72479\"><div class=\"wpb-content-wrapper\"><p>[vc_row type=&#8221;container&#8221; padding_top=&#8221;&#8221; padding_bottom=&#8221;&#8221; css=&#8221;.vc_custom_1444503683289{margin-bottom: 0px !important;}&#8221;][vc_column]<div id=\"readspeaker_button1\" class=\"rs_skip rsbtn rs_preserve\"><a rel=\"nofollow\" class=\"rsbtn_play\" accesskey=\"L\" title=\"Um den Text anzuh\u00f6ren, verwenden Sie bitte ReadSpeaker\" href=\"https:\/\/app-eu.readspeaker.com\/cgi-bin\/rsent?customerid=8650&amp;lang=de_de&amp;readid=pasodoble-readspeaker-72479&amp;url=https%3A%2F%2Fwww.pasodoble.de%2Fleicht%2Fjobs%2Fportrait_rene%2F\">  <span class=\"rsbtn_left rsimg rspart\"><span class=\"rsbtn_text\"><span>Vorlesen<\/span><\/span><\/span>  <span class=\"rsbtn_right rsimg rsplay rspart\"><\/span><\/a><\/div>[\/vc_column][\/vc_row][vc_row type=&#8221;container&#8221; padding_top=&#8221;&#8221; padding_bottom=&#8221;&#8221;][vc_column][vc_single_image image=&#8221;71817&#8243; img_size=&#8221;full&#8221;][vc_column_text css=&#8221;&#8221;]Ren\u00e9 ist 34 Jahre alt.<br \/>\nRen\u00e9 hat braune Haare<br \/>\nund leuchtende Augen.<\/p>\n<p>Ren\u00e9 ist bescheiden und etwas sch\u00fcchtern.<br \/>\nEr ist sehr flei\u00dfig.<\/p>\n<p>Ren\u00e9 ist Maler aus Bautzen.<\/p>\n<p>Und: Ren\u00e9 ist seit seiner Geburt stark schwer-h\u00f6rig.<br \/>\nDas hat aber manchmal auch Vorteile.<br \/>\nRen\u00e9 bringt so leicht nichts aus der Ruhe.<br \/>\nLaute oder nervige Ger\u00e4usche st\u00f6ren Ren\u00e9 nicht.<br \/>\nAuch Baustellen-L\u00e4rm behindert Ren\u00e9 nicht bei seiner Arbeit.<\/p>\n<p>Das macht Ren\u00e9 zu einem ganz besonderen Mitarbeiter.[\/vc_column_text][vc_row_inner][vc_column_inner][vc_single_image image=&#8221;71823&#8243; img_size=&#8221;full&#8221;][\/vc_column_inner][\/vc_row_inner][vc_column_text css=&#8221;&#8221;]Das Malen hat Ren\u00e9 in Bautzen gelernt.<br \/>\nRen\u00e9 ist Maler-Geselle.<br \/>\nDamit ist Ren\u00e9 eine Fach-Kraft.<br \/>\nDas ist mittlerweile sehr selten in Sachsen.<\/p>\n<p>Neben dem Malen hat Ren\u00e9 noch andere besondere F\u00e4higkeiten:<br \/>\nRen\u00e9 kann Geb\u00e4rden-Sprache.<br \/>\nRen\u00e9 kann auch Lippen-Lesen.<\/p>\n<p>Und: Ren\u00e9 kann die K\u00f6rper-Sprache von Menschen sehr gut deuten.[\/vc_column_text][vc_column_text css=&#8221;&#8221;]Ren\u00e9 lacht und redet sehr gerne.<br \/>\nDabei ist Ren\u00e9 meist nicht leicht zu verstehen.<br \/>\nDenn Laute klingen bei Schwer-H\u00f6rigen oft anders.<\/p>\n<p>Seine Arbeitskollegen verstehen Ren\u00e9 aber immer.<br \/>\nSie sagen: \u201eWir verstehen uns prima.\u201c<\/p>\n<p>Denn die Arbeitskollegen von Ren\u00e9 k\u00f6nnen inzwischen schon ein wenig Lippen-Lesen.<\/p>\n<p>Ren\u00e9 und seine Arbeitskollegen sind schon jetzt ein perfektes Team:<\/p>\n<ul>\n<li>gemeinsam beim Lachen.<\/li>\n<li>gemeinsam beim Malen.<\/li>\n<li>gemeinsam beim Arbeiten in aller Ruhe.<\/li>\n<\/ul>\n<p>[\/vc_column_text][\/vc_column][\/vc_row][vc_row type=&#8221;container&#8221;][vc_column][vc_btn title=&#8221;zur\u00fcck&#8221; style=&#8221;outline-custom&#8221; outline_custom_color=&#8221;#cc0000&#8243; outline_custom_hover_background=&#8221;#cc0000&#8243; outline_custom_hover_text=&#8221;#ffffff&#8221; shape=&#8221;square&#8221; link=&#8221;url:http%3A%2F%2Fwww.pasodoble.de%2Fleicht%2Fjobs%2F%23rene-und-marcel|title:zur%C3%BCck%20zur%20%C3%9Cbersicht||&#8221;][\/vc_column][\/vc_row][vc_row type=&#8221;container&#8221;][vc_column][vc_column_text]Auf dieser Internet-Seite nennen wir nur Vornamen.<br \/>\nWir wollen nicht den gesamten Namen ver\u00f6ffentlichen.<br \/>\nIm Alltag sprechen wir unsere Mitarbeiter aber mit \u201eSie\u201c an.[\/vc_column_text][\/vc_column][\/vc_row]<\/p>\n<\/div><\/div>","protected":false},"excerpt":{"rendered":"<p>[vc_row type=&#8221;container&#8221; padding_top=&#8221;&#8221; padding_bottom=&#8221;&#8221; css=&#8221;.vc_custom_1444503683289{margin-bottom: 0px !important;}&#8221;][vc_column][\/vc_column][\/vc_row][vc_row type=&#8221;container&#8221; padding_top=&#8221;&#8221; padding_bottom=&#8221;&#8221;][vc_column][vc_single_image image=&#8221;71817&#8243; img_size=&#8221;full&#8221;][vc_column_text css=&#8221;&#8221;]Ren\u00e9 ist 34 Jahre alt. Ren\u00e9 hat braune Haare und leuchtende Augen. Ren\u00e9 ist bescheiden und etwas sch\u00fcchtern. Er ist sehr flei\u00dfig. Ren\u00e9 ist Maler aus Bautzen. Und: Ren\u00e9 ist seit seiner Geburt stark schwer-h\u00f6rig. Das hat aber manchmal auch Vorteile. Ren\u00e9 bringt [&hellip;]<\/p>\n","protected":false},"author":2,"featured_media":72695,"parent":72037,"menu_order":30,"comment_status":"closed","ping_status":"closed","template":"","meta":{"_acf_changed":false,"footnotes":""},"class_list":["post-72479","page","type-page","status-publish","has-post-thumbnail","hentry"],"acf":[],"yoast_head":"<!-- This site is optimized with the Yoast SEO plugin v27.4 - https:\/\/yoast.com\/product\/yoast-seo-wordpress\/ -->\n<title>paso doble | Portr\u00e4t Ren\u00e9 und Marcel<\/title>\n<meta name=\"description\" content=\"Hier lernen Sie Ren\u00e9 und Marcel kennen.\" \/>\n<meta name=\"robots\" content=\"index, follow, max-snippet:-1, max-image-preview:large, max-video-preview:-1\" \/>\n<link rel=\"canonical\" href=\"https:\/\/www.pasodoble.de\/leicht\/jobs\/portrait_rene\/\" \/>\n<meta property=\"og:locale\" content=\"de_DE\" \/>\n<meta property=\"og:type\" content=\"article\" \/>\n<meta property=\"og:title\" content=\"paso doble | Portr\u00e4t Ren\u00e9 und Marcel\" \/>\n<meta property=\"og:description\" content=\"Hier lernen Sie Ren\u00e9 und Marcel kennen.\" \/>\n<meta property=\"og:url\" content=\"https:\/\/www.pasodoble.de\/leicht\/jobs\/portrait_rene\/\" \/>\n<meta property=\"og:site_name\" content=\"paso doble\" \/>\n<meta property=\"article:modified_time\" content=\"2025-02-24T12:43:38+00:00\" \/>\n<meta property=\"og:image\" content=\"https:\/\/www.pasodoble.de\/wp-content\/uploads\/2016\/05\/Kopfzeile_Portrait-Rene_Leichte-Sprache_1200x500_gespiegelt.png\" \/>\n\t<meta property=\"og:image:width\" content=\"1200\" \/>\n\t<meta property=\"og:image:height\" content=\"500\" \/>\n\t<meta property=\"og:image:type\" content=\"image\/png\" \/>\n<meta name=\"twitter:card\" content=\"summary_large_image\" \/>\n<meta name=\"twitter:label1\" content=\"Est. reading time\" \/>\n\t<meta name=\"twitter:data1\" content=\"2 minutes\" \/>\n<script type=\"application\/ld+json\" class=\"yoast-schema-graph\">{\"@context\":\"https:\\\/\\\/schema.org\",\"@graph\":[{\"@type\":\"WebPage\",\"@id\":\"https:\\\/\\\/www.pasodoble.de\\\/leicht\\\/jobs\\\/portrait_rene\\\/\",\"url\":\"https:\\\/\\\/www.pasodoble.de\\\/leicht\\\/jobs\\\/portrait_rene\\\/\",\"name\":\"paso doble | Portr\u00e4t Ren\u00e9 und Marcel\",\"isPartOf\":{\"@id\":\"https:\\\/\\\/www.pasodoble.de\\\/#website\"},\"primaryImageOfPage\":{\"@id\":\"https:\\\/\\\/www.pasodoble.de\\\/leicht\\\/jobs\\\/portrait_rene\\\/#primaryimage\"},\"image\":{\"@id\":\"https:\\\/\\\/www.pasodoble.de\\\/leicht\\\/jobs\\\/portrait_rene\\\/#primaryimage\"},\"thumbnailUrl\":\"https:\\\/\\\/www.pasodoble.de\\\/wp-content\\\/uploads\\\/2016\\\/05\\\/Kopfzeile_Portrait-Rene_Leichte-Sprache_1200x500_gespiegelt.png\",\"datePublished\":\"2016-05-25T08:59:00+00:00\",\"dateModified\":\"2025-02-24T12:43:38+00:00\",\"description\":\"Hier lernen Sie Ren\u00e9 und Marcel kennen.\",\"breadcrumb\":{\"@id\":\"https:\\\/\\\/www.pasodoble.de\\\/leicht\\\/jobs\\\/portrait_rene\\\/#breadcrumb\"},\"inLanguage\":\"de-LEICHT\",\"potentialAction\":[{\"@type\":\"ReadAction\",\"target\":[\"https:\\\/\\\/www.pasodoble.de\\\/leicht\\\/jobs\\\/portrait_rene\\\/\"]}]},{\"@type\":\"ImageObject\",\"inLanguage\":\"de-LEICHT\",\"@id\":\"https:\\\/\\\/www.pasodoble.de\\\/leicht\\\/jobs\\\/portrait_rene\\\/#primaryimage\",\"url\":\"https:\\\/\\\/www.pasodoble.de\\\/wp-content\\\/uploads\\\/2016\\\/05\\\/Kopfzeile_Portrait-Rene_Leichte-Sprache_1200x500_gespiegelt.png\",\"contentUrl\":\"https:\\\/\\\/www.pasodoble.de\\\/wp-content\\\/uploads\\\/2016\\\/05\\\/Kopfzeile_Portrait-Rene_Leichte-Sprache_1200x500_gespiegelt.png\",\"width\":1200,\"height\":500,\"caption\":\"Zeichen f\u00fcr Leichte Sprache, dahinter Foto: Zwei Maler mit Farbroller streichen eine wei\u00dfe Wand\"},{\"@type\":\"BreadcrumbList\",\"@id\":\"https:\\\/\\\/www.pasodoble.de\\\/leicht\\\/jobs\\\/portrait_rene\\\/#breadcrumb\",\"itemListElement\":[{\"@type\":\"ListItem\",\"position\":1,\"name\":\"Start\",\"item\":\"https:\\\/\\\/www.pasodoble.de\\\/leicht\\\/\"},{\"@type\":\"ListItem\",\"position\":2,\"name\":\"Jobs\",\"item\":\"https:\\\/\\\/www.pasodoble.de\\\/leicht\\\/jobs\\\/\"},{\"@type\":\"ListItem\",\"position\":3,\"name\":\"Portr\u00e4t Ren\u00e9\"}]},{\"@type\":\"WebSite\",\"@id\":\"https:\\\/\\\/www.pasodoble.de\\\/#website\",\"url\":\"https:\\\/\\\/www.pasodoble.de\\\/\",\"name\":\"paso doble\",\"description\":\"Inklusionsunternehmen\",\"potentialAction\":[{\"@type\":\"SearchAction\",\"target\":{\"@type\":\"EntryPoint\",\"urlTemplate\":\"https:\\\/\\\/www.pasodoble.de\\\/?s={search_term_string}\"},\"query-input\":{\"@type\":\"PropertyValueSpecification\",\"valueRequired\":true,\"valueName\":\"search_term_string\"}}],\"inLanguage\":\"de-LEICHT\"}]}<\/script>\n<!-- \/ Yoast SEO plugin. -->","yoast_head_json":{"title":"paso doble | Portr\u00e4t Ren\u00e9 und Marcel","description":"Hier lernen Sie Ren\u00e9 und Marcel kennen.","robots":{"index":"index","follow":"follow","max-snippet":"max-snippet:-1","max-image-preview":"max-image-preview:large","max-video-preview":"max-video-preview:-1"},"canonical":"https:\/\/www.pasodoble.de\/leicht\/jobs\/portrait_rene\/","og_locale":"de_DE","og_type":"article","og_title":"paso doble | Portr\u00e4t Ren\u00e9 und Marcel","og_description":"Hier lernen Sie Ren\u00e9 und Marcel kennen.","og_url":"https:\/\/www.pasodoble.de\/leicht\/jobs\/portrait_rene\/","og_site_name":"paso doble","article_modified_time":"2025-02-24T12:43:38+00:00","og_image":[{"width":1200,"height":500,"url":"https:\/\/www.pasodoble.de\/wp-content\/uploads\/2016\/05\/Kopfzeile_Portrait-Rene_Leichte-Sprache_1200x500_gespiegelt.png","type":"image\/png"}],"twitter_card":"summary_large_image","twitter_misc":{"Est. reading time":"2 minutes"},"schema":{"@context":"https:\/\/schema.org","@graph":[{"@type":"WebPage","@id":"https:\/\/www.pasodoble.de\/leicht\/jobs\/portrait_rene\/","url":"https:\/\/www.pasodoble.de\/leicht\/jobs\/portrait_rene\/","name":"paso doble | Portr\u00e4t Ren\u00e9 und Marcel","isPartOf":{"@id":"https:\/\/www.pasodoble.de\/#website"},"primaryImageOfPage":{"@id":"https:\/\/www.pasodoble.de\/leicht\/jobs\/portrait_rene\/#primaryimage"},"image":{"@id":"https:\/\/www.pasodoble.de\/leicht\/jobs\/portrait_rene\/#primaryimage"},"thumbnailUrl":"https:\/\/www.pasodoble.de\/wp-content\/uploads\/2016\/05\/Kopfzeile_Portrait-Rene_Leichte-Sprache_1200x500_gespiegelt.png","datePublished":"2016-05-25T08:59:00+00:00","dateModified":"2025-02-24T12:43:38+00:00","description":"Hier lernen Sie Ren\u00e9 und Marcel kennen.","breadcrumb":{"@id":"https:\/\/www.pasodoble.de\/leicht\/jobs\/portrait_rene\/#breadcrumb"},"inLanguage":"de-LEICHT","potentialAction":[{"@type":"ReadAction","target":["https:\/\/www.pasodoble.de\/leicht\/jobs\/portrait_rene\/"]}]},{"@type":"ImageObject","inLanguage":"de-LEICHT","@id":"https:\/\/www.pasodoble.de\/leicht\/jobs\/portrait_rene\/#primaryimage","url":"https:\/\/www.pasodoble.de\/wp-content\/uploads\/2016\/05\/Kopfzeile_Portrait-Rene_Leichte-Sprache_1200x500_gespiegelt.png","contentUrl":"https:\/\/www.pasodoble.de\/wp-content\/uploads\/2016\/05\/Kopfzeile_Portrait-Rene_Leichte-Sprache_1200x500_gespiegelt.png","width":1200,"height":500,"caption":"Zeichen f\u00fcr Leichte Sprache, dahinter Foto: Zwei Maler mit Farbroller streichen eine wei\u00dfe Wand"},{"@type":"BreadcrumbList","@id":"https:\/\/www.pasodoble.de\/leicht\/jobs\/portrait_rene\/#breadcrumb","itemListElement":[{"@type":"ListItem","position":1,"name":"Start","item":"https:\/\/www.pasodoble.de\/leicht\/"},{"@type":"ListItem","position":2,"name":"Jobs","item":"https:\/\/www.pasodoble.de\/leicht\/jobs\/"},{"@type":"ListItem","position":3,"name":"Portr\u00e4t Ren\u00e9"}]},{"@type":"WebSite","@id":"https:\/\/www.pasodoble.de\/#website","url":"https:\/\/www.pasodoble.de\/","name":"paso doble","description":"Inklusionsunternehmen","potentialAction":[{"@type":"SearchAction","target":{"@type":"EntryPoint","urlTemplate":"https:\/\/www.pasodoble.de\/?s={search_term_string}"},"query-input":{"@type":"PropertyValueSpecification","valueRequired":true,"valueName":"search_term_string"}}],"inLanguage":"de-LEICHT"}]}},"publishpress_future_action":{"enabled":false,"date":"2026-05-05 17:59:42","action":"change-status","newStatus":"draft","terms":[],"taxonomy":"translation_priority","extraData":[]},"publishpress_future_workflow_manual_trigger":{"enabledWorkflows":[]},"_links":{"self":[{"href":"https:\/\/www.pasodoble.de\/leicht\/wp-json\/wp\/v2\/pages\/72479","targetHints":{"allow":["GET"]}}],"collection":[{"href":"https:\/\/www.pasodoble.de\/leicht\/wp-json\/wp\/v2\/pages"}],"about":[{"href":"https:\/\/www.pasodoble.de\/leicht\/wp-json\/wp\/v2\/types\/page"}],"author":[{"embeddable":true,"href":"https:\/\/www.pasodoble.de\/leicht\/wp-json\/wp\/v2\/users\/2"}],"replies":[{"embeddable":true,"href":"https:\/\/www.pasodoble.de\/leicht\/wp-json\/wp\/v2\/comments?post=72479"}],"version-history":[{"count":14,"href":"https:\/\/www.pasodoble.de\/leicht\/wp-json\/wp\/v2\/pages\/72479\/revisions"}],"predecessor-version":[{"id":72505,"href":"https:\/\/www.pasodoble.de\/leicht\/wp-json\/wp\/v2\/pages\/72479\/revisions\/72505"}],"up":[{"embeddable":true,"href":"https:\/\/www.pasodoble.de\/leicht\/wp-json\/wp\/v2\/pages\/72037"}],"wp:featuredmedia":[{"embeddable":true,"href":"https:\/\/www.pasodoble.de\/leicht\/wp-json\/wp\/v2\/media\/72695"}],"wp:attachment":[{"href":"https:\/\/www.pasodoble.de\/leicht\/wp-json\/wp\/v2\/media?parent=72479"}],"curies":[{"name":"wp","href":"https:\/\/api.w.org\/{rel}","templated":true}]}}